{"id":29,"date":"2022-03-16T17:20:36","date_gmt":"2022-03-16T16:20:36","guid":{"rendered":"https:\/\/www.detsky-sen.sk\/?page_id=29"},"modified":"2023-07-19T16:51:41","modified_gmt":"2023-07-19T14:51:41","slug":"kruzky-a-aktivity","status":"publish","type":"page","link":"https:\/\/www.detsky-sen.sk\/?page_id=29","title":{"rendered":"Kr\u00fa\u017eky aktivity"},"content":{"rendered":"\n<h2 class=\"has-medium-font-size\"><strong>Kr\u00fa\u017ekov\u00e1 \u010dinnos\u0165 a dopl\u0148uj\u00face eduka\u010dn\u00e9 aktivity<\/strong><\/h2>\n\n\n\n<h3 class=\"has-medium-font-size\"><em><strong>ROZVRH HOD\u00cdN<\/strong><\/em><\/h3>\n\n\n\n<p><strong><mark style=\"background-color:rgba(0, 0, 0, 0)\" class=\"has-inline-color has-vivid-red-color\">ANGLICK\u00dd JAZYK<\/mark><\/strong><\/p>\n\n\n\n<p><strong>trieda: V\u010cIELKY<\/strong><\/p>\n\n\n\n<p><strong><em><strong>denne<\/strong><\/em><\/strong><\/p>\n\n\n\n<p><strong>trieda: \u017dABKY<\/strong><\/p>\n\n\n\n<p><strong><em>denne<\/em><\/strong><\/p>\n\n\n\n<figure class=\"wp-block-video\"><video controls src=\"https:\/\/www.detsky-sen.sk\/wp-content\/uploads\/2023\/07\/20230622_093734.mp4\"><\/video><\/figure>\n\n\n\n<figure class=\"wp-block-video\"><video controls src=\"https:\/\/www.detsky-sen.sk\/wp-content\/uploads\/2023\/07\/20230622_094337.mp4\"><\/video><\/figure>\n\n\n\n<figure class=\"wp-block-video\"><video controls src=\"https:\/\/www.detsky-sen.sk\/wp-content\/uploads\/2023\/07\/20230622_095205.mp4\"><\/video><\/figure>\n\n\n\n<p><strong><mark style=\"background-color:rgba(0, 0, 0, 0)\" class=\"has-inline-color has-vivid-red-color\">PRED\u0160KOL\u00c1\u010cIK<\/mark><\/strong><\/p>\n\n\n\n<p>Utorok: 13,30 \u2013 14,30 hod.<\/p>\n\n\n\n<p>\/iba pred\u0161kol\u00e1ci\/<\/p>\n\n\n\n<p><strong><mark style=\"background-color:rgba(0, 0, 0, 0)\" class=\"has-inline-color has-vivid-red-color\">HAMKY \u2013 M\u0147AMKY<\/mark><\/strong><\/p>\n\n\n\n<p>\u0160tvrtok: 13,00 \u2013 14,30 hod. \/ka\u017ed\u00fd druh\u00fd t\u00fd\u017ede\u0148\/<\/p>\n\n\n\n<p>\/iba pred\u0161kol\u00e1ci \u2013 rok pred n\u00e1stupom do Z\u0160\/<\/p>\n\n\n\n<figure class=\"wp-block-image size-large\"><img loading=\"lazy\" width=\"640\" height=\"853\" src=\"https:\/\/i0.wp.com\/www.detsky-sen.sk\/wp-content\/uploads\/2023\/07\/IMG-20221006-WA0016-2.jpg?resize=640%2C853&#038;ssl=1\" alt=\"\" class=\"wp-image-467\" srcset=\"https:\/\/i0.wp.com\/www.detsky-sen.sk\/wp-content\/uploads\/2023\/07\/IMG-20221006-WA0016-2.jpg?resize=768%2C1024&amp;ssl=1 768w, https:\/\/i0.wp.com\/www.detsky-sen.sk\/wp-content\/uploads\/2023\/07\/IMG-20221006-WA0016-2.jpg?resize=225%2C300&amp;ssl=1 225w, https:\/\/i0.wp.com\/www.detsky-sen.sk\/wp-content\/uploads\/2023\/07\/IMG-20221006-WA0016-2.jpg?resize=1152%2C1536&amp;ssl=1 1152w, https:\/\/i0.wp.com\/www.detsky-sen.sk\/wp-content\/uploads\/2023\/07\/IMG-20221006-WA0016-2.jpg?w=1536&amp;ssl=1 1536w, https:\/\/i0.wp.com\/www.detsky-sen.sk\/wp-content\/uploads\/2023\/07\/IMG-20221006-WA0016-2.jpg?w=1280&amp;ssl=1 1280w\" sizes=\"(max-width: 640px) 100vw, 640px\" data-recalc-dims=\"1\" \/><\/figure>\n\n\n\n<p><strong><mark style=\"background-color:rgba(0, 0, 0, 0)\" class=\"has-inline-color has-vivid-red-color\">TVORIV\u00c9 DIELNE<\/mark><\/strong><\/p>\n\n\n\n<p>\u0160tvrtok: 13,00 \u2013 14,30 hod.\/ka\u017ed\u00fd druh\u00fd t\u00fd\u017ede\u0148\/<\/p>\n\n\n\n<p>\/iba pred\u0161kol\u00e1ci \u2013 rok pred n\u00e1stupom do Z\u0160\/<\/p>\n\n\n\n<p><strong><mark style=\"background-color:rgba(0, 0, 0, 0)\" class=\"has-inline-color has-vivid-red-color\">TANE\u010cN\u00cd\u010cEK<\/mark><\/strong><\/p>\n\n\n\n<p>Streda: 08,15 \u2013 09,00 hod.\/ka\u017ed\u00fd druh\u00fd t\u00fd\u017ede\u0148\/<\/p>\n\n\n\n<p>\/deti z II.tr. =\u00a0<em><strong>V\u010cIELKY<\/strong><\/em>\u00a0\/<\/p>\n\n\n\n<figure class=\"wp-block-video\"><video controls src=\"https:\/\/www.detsky-sen.sk\/wp-content\/uploads\/2023\/07\/Tanecnicek111.mp4\"><\/video><\/figure>\n\n\n\n<p><strong><mark style=\"background-color:rgba(0, 0, 0, 0)\" class=\"has-inline-color has-vivid-red-color\">POHYB HROU<\/mark><\/strong><\/p>\n\n\n\n<p>Piatok: 08,15 &#8211; 09,00 hod.\/ka\u017ed\u00fd druh\u00fd t\u00fd\u017ede\u0148\/<\/p>\n\n\n\n<p>\/deti z II.tr. =&nbsp;<em><strong>V\u010cIELKY<\/strong><\/em>\/<\/p>\n\n\n\n<p>Organiz\u00e1cia kr\u00fa\u017ekovej \u010dinnosti a dopl\u0148uj\u00facich eduka\u010dn\u00fdch aktiv\u00edt<\/p>\n\n\n\n<p>Kr\u00fa\u017ekov\u00e1 \u010dinnos\u0165 v M\u0160 sa realizuje s prihliadnut\u00edm na usporiadanie d\u0148a det\u00ed. Z\u00e1ujmov\u00e9 kr\u00fa\u017eky sa realizuj\u00fa pod veden\u00edm ped. zamestnancov M\u0160, alebo lektorov, ktor\u00ed s\u00fa sp\u00f4sobil\u00ed vykon\u00e1va\u0165 z\u00e1ujmov\u00e9 aktivity s de\u0165mi. Za obsah a kvalitu realizovania kr\u00fa\u017ekovej \u010dinnosti s\u00fa zodpovedn\u00e9 ped. zamestnankyne a kvalifikovan\u00ed lektori. Kr\u00fa\u017ekov\u00e1 \u010dinnos\u0165 sa organizuje na z\u00e1klade p\u00edsomn\u00e9ho informovan\u00e9ho s\u00fahlasu z\u00e1konn\u00e9ho z\u00e1stupcu v popo\u013eud\u0148aj\u0161\u00edch hodin\u00e1ch.<\/p>\n\n\n\n<p><strong>Kr\u00fa\u017eky:<\/strong><\/p>\n\n\n\n<p><strong>Tvoriv\u00e9 dielne-<\/strong>1x do t\u00fd\u017ed\u0148a pred\u0161kol\u00e1ci<\/p>\n\n\n\n<p><strong>Hamky \u2013 m\u0148amky-<\/strong>1x do t\u00fd\u017ed\u0148a pred\u0161kol\u00e1ci<\/p>\n\n\n\n<p><strong>Pred\u0161kol\u00e1\u010dik<\/strong>&nbsp;<strong>&#8211; pr\u00edprava do Z\u0160-<\/strong>1x do t\u00fd\u017ed\u0148a pred\u0161kol\u00e1ci<\/p>\n\n\n\n<p><strong>Dopl\u0148uj\u00face eduka\u010dn\u00e9 aktivity:<\/strong><\/p>\n\n\n\n<p><strong>V\u00fdu\u010dba AJ-<\/strong>denne I.tr. + II.tr.<\/p>\n\n\n\n<p><strong>Tane\u010dn\u00ed\u010dek &#8211;<\/strong>1x do t\u00fd\u017ed\u0148a II.tr.<\/p>\n\n\n\n<p><strong>Pohyb hrou<\/strong>&nbsp;&#8211; 1x do t\u00fd\u017ed\u0148a II.tr.<\/p>\n\n\n\n<p><strong>Ostatn\u00e9 aktivity:<\/strong><\/p>\n\n\n\n<p><strong>Plaveck\u00fd v\u00fdcvik-<\/strong>1x za \u0161kolsk\u00fd rok \u2013 5 dn\u00ed<\/p>\n\n\n\n<p><\/p>\n\n\n\n<p>V priebehu roka organizujeme pre deti divadeln\u00e9 predstavenia, v\u00fdlety, \u0161portov\u00e9 aktivity, exkurzie, Mikul\u00e1\u0161ske predstavenie, Viano\u010dn\u00fa besiedka, Karneval, besiedku ku D\u0148u matiek, rozl\u00fa\u010dku s pred\u0161kol\u00e1kmi, oslavu MDD&#8230;..<\/p>\n","protected":false},"excerpt":{"rendered":"<p>Kr\u00fa\u017ekov\u00e1 \u010dinnos\u0165 a dopl\u0148uj\u00face eduka\u010dn\u00e9 aktivity ROZVRH HOD\u00cdN ANGLICK\u00dd JAZYK trieda: V\u010cIELKY denne trieda: \u017dABKY denne PRED\u0160KOL\u00c1\u010cIK Utorok: 13,30 \u2013 [&hellip;]<\/p>\n","protected":false},"author":1,"featured_media":0,"parent":0,"menu_order":0,"comment_status":"closed","ping_status":"closed","template":"","meta":{"spay_email":""},"yoast_head":"<!-- This site is optimized with the Yoast SEO plugin v19.13 - https:\/\/yoast.com\/wordpress\/plugins\/seo\/ -->\n<title>Kr\u00fa\u017eky aktivity - SM\u0160 Detsk\u00fd sen<\/title>\n<meta name=\"description\" content=\"Kr\u00fa\u017eky a aktivity pre deti v S\u00fakromnej materskej \u0161kole Detsk\u00fd sen Senec.\" \/>\n<meta name=\"robots\" content=\"index, follow, max-snippet:-1, max-image-preview:large, max-video-preview:-1\" \/>\n<link rel=\"canonical\" href=\"https:\/\/www.detsky-sen.sk\/?page_id=29\" \/>\n<meta property=\"og:locale\" content=\"sk_SK\" \/>\n<meta property=\"og:type\" content=\"article\" \/>\n<meta property=\"og:title\" content=\"Kr\u00fa\u017eky aktivity - SM\u0160 Detsk\u00fd sen\" \/>\n<meta property=\"og:description\" content=\"Kr\u00fa\u017eky a aktivity pre deti v S\u00fakromnej materskej \u0161kole Detsk\u00fd sen Senec.\" \/>\n<meta property=\"og:url\" content=\"https:\/\/www.detsky-sen.sk\/?page_id=29\" \/>\n<meta property=\"og:site_name\" content=\"SM\u0160 Detsk\u00fd sen\" \/>\n<meta property=\"article:modified_time\" content=\"2023-07-19T14:51:41+00:00\" \/>\n<meta property=\"og:image\" content=\"https:\/\/www.detsky-sen.sk\/wp-content\/uploads\/2023\/07\/IMG-20221006-WA0016-2-768x1024.jpg\" \/>\n<meta name=\"twitter:card\" content=\"summary_large_image\" \/>\n<meta name=\"twitter:label1\" content=\"Predpokladan\u00fd \u010das \u010d\u00edtania\" \/>\n\t<meta name=\"twitter:data1\" content=\"2 min\u00faty\" \/>\n<script type=\"application\/ld+json\" class=\"yoast-schema-graph\">{\"@context\":\"https:\/\/schema.org\",\"@graph\":[{\"@type\":\"WebPage\",\"@id\":\"https:\/\/www.detsky-sen.sk\/?page_id=29\",\"url\":\"https:\/\/www.detsky-sen.sk\/?page_id=29\",\"name\":\"Kr\u00fa\u017eky aktivity - SM\u0160 Detsk\u00fd sen\",\"isPartOf\":{\"@id\":\"https:\/\/www.detsky-sen.sk\/#website\"},\"datePublished\":\"2022-03-16T16:20:36+00:00\",\"dateModified\":\"2023-07-19T14:51:41+00:00\",\"description\":\"Kr\u00fa\u017eky a aktivity pre deti v S\u00fakromnej materskej \u0161kole Detsk\u00fd sen Senec.\",\"breadcrumb\":{\"@id\":\"https:\/\/www.detsky-sen.sk\/?page_id=29#breadcrumb\"},\"inLanguage\":\"sk-SK\",\"potentialAction\":[{\"@type\":\"ReadAction\",\"target\":[\"https:\/\/www.detsky-sen.sk\/?page_id=29\"]}]},{\"@type\":\"BreadcrumbList\",\"@id\":\"https:\/\/www.detsky-sen.sk\/?page_id=29#breadcrumb\",\"itemListElement\":[{\"@type\":\"ListItem\",\"position\":1,\"name\":\"Home\",\"item\":\"https:\/\/www.detsky-sen.sk\/\"},{\"@type\":\"ListItem\",\"position\":2,\"name\":\"Kr\u00fa\u017eky aktivity\"}]},{\"@type\":\"WebSite\",\"@id\":\"https:\/\/www.detsky-sen.sk\/#website\",\"url\":\"https:\/\/www.detsky-sen.sk\/\",\"name\":\"SM\u0160 Detsk\u00fd sen\",\"description\":\" &quot;\u0160\u0165astn\u00e9 deti a spokojn\u00ed rodi\u010dia&quot;\",\"publisher\":{\"@id\":\"https:\/\/www.detsky-sen.sk\/#organization\"},\"potentialAction\":[{\"@type\":\"SearchAction\",\"target\":{\"@type\":\"EntryPoint\",\"urlTemplate\":\"https:\/\/www.detsky-sen.sk\/?s={search_term_string}\"},\"query-input\":\"required name=search_term_string\"}],\"inLanguage\":\"sk-SK\"},{\"@type\":\"Organization\",\"@id\":\"https:\/\/www.detsky-sen.sk\/#organization\",\"name\":\"SM\u0160 Detsk\u00fd sen\",\"url\":\"https:\/\/www.detsky-sen.sk\/\",\"logo\":{\"@type\":\"ImageObject\",\"inLanguage\":\"sk-SK\",\"@id\":\"https:\/\/www.detsky-sen.sk\/#\/schema\/logo\/image\/\",\"url\":\"https:\/\/i0.wp.com\/www.detsky-sen.sk\/wp-content\/uploads\/2026\/02\/cropped-ChatGPT-Image-23.-2.-2026-17_12_43-1-1.png?fit=1536%2C1024&ssl=1\",\"contentUrl\":\"https:\/\/i0.wp.com\/www.detsky-sen.sk\/wp-content\/uploads\/2026\/02\/cropped-ChatGPT-Image-23.-2.-2026-17_12_43-1-1.png?fit=1536%2C1024&ssl=1\",\"width\":1536,\"height\":1024,\"caption\":\" SM\u0160 Detsk\u00fd sen\"},\"image\":{\"@id\":\"https:\/\/www.detsky-sen.sk\/#\/schema\/logo\/image\/\"}}]}<\/script>\n<!-- \/ Yoast SEO plugin. -->","yoast_head_json":{"title":"Kr\u00fa\u017eky aktivity - SM\u0160 Detsk\u00fd sen","description":"Kr\u00fa\u017eky a aktivity pre deti v S\u00fakromnej materskej \u0161kole Detsk\u00fd sen Senec.","robots":{"index":"index","follow":"follow","max-snippet":"max-snippet:-1","max-image-preview":"max-image-preview:large","max-video-preview":"max-video-preview:-1"},"canonical":"https:\/\/www.detsky-sen.sk\/?page_id=29","og_locale":"sk_SK","og_type":"article","og_title":"Kr\u00fa\u017eky aktivity - SM\u0160 Detsk\u00fd sen","og_description":"Kr\u00fa\u017eky a aktivity pre deti v S\u00fakromnej materskej \u0161kole Detsk\u00fd sen Senec.","og_url":"https:\/\/www.detsky-sen.sk\/?page_id=29","og_site_name":"SM\u0160 Detsk\u00fd sen","article_modified_time":"2023-07-19T14:51:41+00:00","og_image":[{"url":"https:\/\/www.detsky-sen.sk\/wp-content\/uploads\/2023\/07\/IMG-20221006-WA0016-2-768x1024.jpg"}],"twitter_card":"summary_large_image","twitter_misc":{"Predpokladan\u00fd \u010das \u010d\u00edtania":"2 min\u00faty"},"schema":{"@context":"https:\/\/schema.org","@graph":[{"@type":"WebPage","@id":"https:\/\/www.detsky-sen.sk\/?page_id=29","url":"https:\/\/www.detsky-sen.sk\/?page_id=29","name":"Kr\u00fa\u017eky aktivity - SM\u0160 Detsk\u00fd sen","isPartOf":{"@id":"https:\/\/www.detsky-sen.sk\/#website"},"datePublished":"2022-03-16T16:20:36+00:00","dateModified":"2023-07-19T14:51:41+00:00","description":"Kr\u00fa\u017eky a aktivity pre deti v S\u00fakromnej materskej \u0161kole Detsk\u00fd sen Senec.","breadcrumb":{"@id":"https:\/\/www.detsky-sen.sk\/?page_id=29#breadcrumb"},"inLanguage":"sk-SK","potentialAction":[{"@type":"ReadAction","target":["https:\/\/www.detsky-sen.sk\/?page_id=29"]}]},{"@type":"BreadcrumbList","@id":"https:\/\/www.detsky-sen.sk\/?page_id=29#breadcrumb","itemListElement":[{"@type":"ListItem","position":1,"name":"Home","item":"https:\/\/www.detsky-sen.sk\/"},{"@type":"ListItem","position":2,"name":"Kr\u00fa\u017eky aktivity"}]},{"@type":"WebSite","@id":"https:\/\/www.detsky-sen.sk\/#website","url":"https:\/\/www.detsky-sen.sk\/","name":"SM\u0160 Detsk\u00fd sen","description":" &quot;\u0160\u0165astn\u00e9 deti a spokojn\u00ed rodi\u010dia&quot;","publisher":{"@id":"https:\/\/www.detsky-sen.sk\/#organization"},"potentialAction":[{"@type":"SearchAction","target":{"@type":"EntryPoint","urlTemplate":"https:\/\/www.detsky-sen.sk\/?s={search_term_string}"},"query-input":"required name=search_term_string"}],"inLanguage":"sk-SK"},{"@type":"Organization","@id":"https:\/\/www.detsky-sen.sk\/#organization","name":"SM\u0160 Detsk\u00fd sen","url":"https:\/\/www.detsky-sen.sk\/","logo":{"@type":"ImageObject","inLanguage":"sk-SK","@id":"https:\/\/www.detsky-sen.sk\/#\/schema\/logo\/image\/","url":"https:\/\/i0.wp.com\/www.detsky-sen.sk\/wp-content\/uploads\/2026\/02\/cropped-ChatGPT-Image-23.-2.-2026-17_12_43-1-1.png?fit=1536%2C1024&ssl=1","contentUrl":"https:\/\/i0.wp.com\/www.detsky-sen.sk\/wp-content\/uploads\/2026\/02\/cropped-ChatGPT-Image-23.-2.-2026-17_12_43-1-1.png?fit=1536%2C1024&ssl=1","width":1536,"height":1024,"caption":" SM\u0160 Detsk\u00fd sen"},"image":{"@id":"https:\/\/www.detsky-sen.sk\/#\/schema\/logo\/image\/"}}]}},"jetpack-related-posts":[{"id":13,"url":"https:\/\/www.detsky-sen.sk\/","url_meta":{"origin":29,"position":0},"title":"O n\u00e1s","date":"16. marca 2022","format":false,"excerpt":"S\u00fakromn\u00e1 M\u0160 Detsk\u00fd sen v Senci Miesto, kde \u0161\u0165astn\u00e9 detstvo a kvalitn\u00e9 vzdelanie tvoria jeden svet. V\u00fdber materskej \u0161koly je k\u013e\u00fa\u010dov\u00e9 rozhodnutie V\u00fdber spr\u00e1vnej materskej \u0161koly patr\u00ed medzi najd\u00f4le\u017eitej\u0161ie rozhodnutia rodi\u010da. Die\u0165a tu tr\u00e1vi ve\u013ek\u00fa \u010das\u0165 d\u0148a, vytv\u00e1ra si prv\u00e9 priate\u013estv\u00e1, u\u010d\u00ed sa spolupracova\u0165 a objavuje svet. V S\u00fakromnej M\u0160\u2026","rel":"","context":"Podobn\u00fd pr\u00edspevok","img":{"alt_text":"matersk\u00e1 \u0161kola Senec","src":"https:\/\/i0.wp.com\/www.detsky-sen.sk\/wp-content\/uploads\/2026\/02\/ChatGPT-Image-23.-2.-2026-17_12_43-1.png?resize=350%2C200&ssl=1","width":350,"height":200},"classes":[]},{"id":56,"url":"https:\/\/www.detsky-sen.sk\/?page_id=56","url_meta":{"origin":29,"position":1},"title":"Ob\u010dianske zdru\u017eenie: PLN\u00cdME VA\u0160E SNY","date":"17. marca 2022","format":false,"excerpt":"N\u00e1zov ob\u010dianskeho zdru\u017eenia :\u00a0PLN\u00cdME VA\u0160E SNY N\u00e1zov: PLN\u00cdME VA\u0160E SNYForma: Ob\u010dianske zdru\u017eenieRok registr\u00e1cie: 2018I\u010cO: 51179083S\u00eddlo: F\u00e1ndlyho 21, 903 01 SenecBankov\u00fd \u00fa\u010det: Slovensk\u00e1 sporite\u013e\u0148a, a.s. \u2013 SK18 0900 0000 0051 5171 1195 \ud83c\udf1f Ob\u010dianske zdru\u017eenie: PLN\u00cdME VA\u0160E SNY \ud83d\udccd S\u00eddlo: F\u00e1ndlyho 21, 903 01 Senec \ud83d\udca1 Kto sme:Dobrovo\u013en\u00e9 zdru\u017eenie pedagogick\u00fdch pracovn\u00edkov,\u2026","rel":"","context":"Podobn\u00fd pr\u00edspevok","img":{"alt_text":"","src":"https:\/\/i0.wp.com\/www.detsky-sen.sk\/wp-content\/uploads\/2026\/02\/ChatGPT-Image-25.-2.-2026-10_13_22.png?resize=350%2C200&ssl=1","width":350,"height":200},"classes":[]},{"id":16,"url":"https:\/\/www.detsky-sen.sk\/?page_id=16","url_meta":{"origin":29,"position":2},"title":"Ciele a zameranie","date":"16. marca 2022","format":false,"excerpt":"\ud83c\udfaf Cie\u013e v\u00fdchovy a vzdel\u00e1vania \ud83e\udde0 Rozvoj pripravenosti na \u0161kolu a \u017eivot Podpora perceptu\u00e1lno-motorick\u00fdch, kognit\u00edvnych a soci\u00e1lnych schopnost\u00ed die\u0165a\u0165a, d\u00f4raz na jedine\u010dnos\u0165 a akt\u00edvne u\u010denie v kolekt\u00edve. \ud83c\udf1f Rozvoj osobnosti a tvorivosti Pripravenos\u0165 na \u0161kolu aj \u017eivot v duchu tvorivo-humanistickej v\u00fdchovy. \ud83c\udfdb\ufe0f Kult\u00farne porozumenie U\u010denie pou\u017e\u00edva\u0165 kult\u00farne znaky a symboly\u2026","rel":"","context":"Podobn\u00fd pr\u00edspevok","img":{"alt_text":"","src":"","width":0,"height":0},"classes":[]},{"id":31,"url":"https:\/\/www.detsky-sen.sk\/?page_id=31","url_meta":{"origin":29,"position":3},"title":"Fotogal\u00e9ria","date":"16. marca 2022","format":false,"excerpt":"AKTU\u00c1LNU FOTOGAL\u00c9RIU N\u00c1JDETE NA NA\u0160EJ FB STR\u00c1NKE POD N\u00c1ZVOM: S\u00fakromn\u00e1 matersk\u00e1 \u0161kola Detsk\u00fd sen, Senec https:\/\/www.facebook.com\/profile.php?id=61560916240349&locale=sk_SK https:\/\/www.facebook.com\/profile.php?id=61560916240349&locale=sk_SK Facebook : S\u00fakromn\u00e1 matersk\u00e1 \u0161kola Detsk\u00fd sen, Senec AKTIVITY V SM\u0160 2022-2023 Z\u00e1\u017eitkov\u00e9 u\u010denie Exkurzia k hasi\u010dom Na dopravnom ihrisku Tekvi\u010dkov\u00e1 sl\u00e1vnos\u0165 Mikul\u00e1\u0161 s anjelom v M\u0160 Viano\u010dn\u00e1 besiedka Karneval V\u00fdlet na \u010cerven\u00fd\u2026","rel":"","context":"Podobn\u00fd pr\u00edspevok","img":{"alt_text":"","src":"https:\/\/i0.wp.com\/www.detsky-sen.sk\/wp-content\/uploads\/2026\/02\/qrcode_www.facebook.com_.png?resize=350%2C200&ssl=1","width":350,"height":200},"classes":[]},{"id":1139,"url":"https:\/\/www.detsky-sen.sk\/?page_id=1139","url_meta":{"origin":29,"position":4},"title":"Cenn\u00edk","date":"8. janu\u00e1ra 2025","format":false,"excerpt":"Cenn\u00edk \u0161koln\u00e9 na 1 mesiac pri celodennom pobyte die\u0165a\u0165a v\u00a0SM\u0160 je 350,00\u20ac\u00a0\u0161koln\u00e9 na 1 mesiac pri celodennom pobyte v\u00a0pr\u00edpade s\u00farodencov je 300 \u20ac\/ 1 die\u0165a.\u0161koln\u00e9 za 1 mesiac pri poldennom pobyte die\u0165a\u0165a v\u00a0SM\u0160 je 300,00 \u20ac -plat\u00ed iba v\u00a0pr\u00edpade poldenn\u00e9ho pobytu po\u010das cel\u00e9ho mesiaca.\u0161koln\u00e9 pri doch\u00e1dzke 3 dni v t\u00fd\u017edni\u2026","rel":"","context":"Podobn\u00fd pr\u00edspevok","img":{"alt_text":"","src":"","width":0,"height":0},"classes":[]},{"id":1276,"url":"https:\/\/www.detsky-sen.sk\/?page_id=1276","url_meta":{"origin":29,"position":5},"title":"RECENZIE","date":"24. febru\u00e1ra 2026","format":false,"excerpt":"https:\/\/www.google.com\/search?sca_esv=76fe5ae76524aec0&rlz=1C1AVNE_enSK724SK724&q=s%C3%BAkromn%C3%A1+matersk%C3%A1+%C5%A1kola+detsk%C3%BD+sen+s+vyu%C4%8Dovan%C3%ADm+anglick%C3%A9ho+jazyka&si=AL3DRZHrmvnFAVQPOO2Bzhf8AX9KZZ6raUI_dT7DG_z0kV2_xxVdrcb-imi0v9wfDTn5v5IUqAKNmDOC855T2Du3wXYmuNvcKMiqU3ae89yPtbN3a5zVuVo%3D&uds=ALYpb_mVQumE66TV2H4EkbjgihQqZDe1CW0aJ2geTnI8Q7R96psIpOBj8yNwJDRUgQmcXk_S_jue3RtHCm6JryceCbSuSAk01L9IGRaPlX5GM7MDsRUfn7VWxB5luCeCJtdtECZpc5GZ7W8emiOnUxnIc50vqAha460s076CNvL891sEpxtRiK85ubbW3-Smyfh7vSGc1H_2&sa=X&ved=2ahUKEwjn0LC1k_KSAxVqZ_EDHYQAH3gQ3PALegQIGxAE \u2b50 Recenzie rodi\u010dov Nap\u00edsali o n\u00e1s: \ud83d\udfe1Patr\u00edcia Luk\u00e1\u010dov\u00e1 | Google | \u2b50 5\/5 | Najlep\u0161\u00ed v\u00fdber \u0161k\u00f4lky, ak\u00fd sme mohli pre n\u00e1\u0161ho syna urobi\u0165. \u010eakujeme pani riadite\u013eke aj u\u010dite\u013ek\u00e1m za l\u00e1skav\u00fd a re\u0161pektuj\u00faci pr\u00edstup k de\u0165om. Rob\u00edte to srdcom. \u2764\ufe0f\ud83d\ude4f \u010eakujeme. \u2764\ufe0f \ud83d\udd35 Stanislav Gernic | Google | \u2b50\u2026","rel":"","context":"Podobn\u00fd pr\u00edspevok","img":{"alt_text":"","src":"","width":0,"height":0},"classes":[]}],"_links":{"self":[{"href":"https:\/\/www.detsky-sen.sk\/index.php?rest_route=\/wp\/v2\/pages\/29"}],"collection":[{"href":"https:\/\/www.detsky-sen.sk\/index.php?rest_route=\/wp\/v2\/pages"}],"about":[{"href":"https:\/\/www.detsky-sen.sk\/index.php?rest_route=\/wp\/v2\/types\/page"}],"author":[{"embeddable":true,"href":"https:\/\/www.detsky-sen.sk\/index.php?rest_route=\/wp\/v2\/users\/1"}],"replies":[{"embeddable":true,"href":"https:\/\/www.detsky-sen.sk\/index.php?rest_route=%2Fwp%2Fv2%2Fcomments&post=29"}],"version-history":[{"count":5,"href":"https:\/\/www.detsky-sen.sk\/index.php?rest_route=\/wp\/v2\/pages\/29\/revisions"}],"predecessor-version":[{"id":471,"href":"https:\/\/www.detsky-sen.sk\/index.php?rest_route=\/wp\/v2\/pages\/29\/revisions\/471"}],"wp:attachment":[{"href":"https:\/\/www.detsky-sen.sk\/index.php?rest_route=%2Fwp%2Fv2%2Fmedia&parent=29"}],"curies":[{"name":"wp","href":"https:\/\/api.w.org\/{rel}","templated":true}]}}